{"id":7,"date":"2022-02-03T11:46:48","date_gmt":"2022-02-03T11:46:48","guid":{"rendered":"https:\/\/servicestation.ch\/?page_id=7"},"modified":"2026-04-23T10:13:40","modified_gmt":"2026-04-23T10:13:40","slug":"apartment-design","status":"publish","type":"page","link":"https:\/\/servicestation.ch\/en\/apartment-design\/","title":{"rendered":"Apartment Design"},"content":{"rendered":"<style type=\"text\/css\" data-created_by=\"avia_inline_auto\" id=\"style-css-av-19r9v-070fafb2fed435a65594606546cc487e\">\n.avia-section.av-19r9v-070fafb2fed435a65594606546cc487e{\nmargin-top:0px;\nmargin-bottom:0px;\n}\n<\/style>\n<div id='av_section_1'  class='avia-section av-19r9v-070fafb2fed435a65594606546cc487e main_color avia-section-default avia-no-border-styling  avia-builder-el-0  el_before_av_section  avia-builder-el-first  avia-bg-style-scroll container_wrap fullsize'  ><div class='container av-section-cont-open' ><main  role=\"main\" itemprop=\"mainContentOfPage\"  class='template-page content  av-content-full alpha units'><div class='post-entry post-entry-type-page post-entry-7'><div class='entry-content-wrapper clearfix'>\n<section  class='av_textblock_section av-m2yt-2e368d5dd77f5557dd2a30b0b0a56bb4'   itemscope=\"itemscope\" itemtype=\"https:\/\/schema.org\/CreativeWork\" ><div class='avia_textblock'  itemprop=\"text\" ><h1>Swiss Apartment Design<\/h1>\n<p>Die Schweiz hat viele Premium Design-Hersteller, welche M\u00f6bel und Objekte formvollendet f\u00fcr die Ewigkeit herstellen. So kommt in unsere Boutique Business Apartments nur die allerbeste Qualit\u00e4t von den besten H\u00e4usern und Designern. Wir finden, das ist gelebte Nachhaltigkeit. Assistiert werden wir wie immer vom bekannten Schweizer Designer <a href=\"https:\/\/danielhunziker.com\/\" target=\"_blank\" rel=\"noopener\">Daniel Hunziker<\/a> and the Zug-based artist <a href=\"https:\/\/ninastaehli.com\/\" target=\"_blank\" rel=\"noopener\">Nina Staehli<\/a>. Unten finden sie einige Beispiele von den Besten&#8230;<\/p>\n<\/div><\/section>\n<div  class='flex_column av-bqir-450c34176a2be97b3aae5b464fe7233f av_one_third  avia-builder-el-2  el_after_av_textblock  el_before_av_two_third  first flex_column_div  column-top-margin'     ><p>\n<style type=\"text\/css\" data-created_by=\"avia_inline_auto\" id=\"style-css-av-kz6zpvcl-19c65b239e30e0ca16ee733b2bb27ad0\">\n.avia-image-container.av-kz6zpvcl-19c65b239e30e0ca16ee733b2bb27ad0 img.avia_image{\nbox-shadow:none;\n}\n.avia-image-container.av-kz6zpvcl-19c65b239e30e0ca16ee733b2bb27ad0 .av-image-caption-overlay-center{\ncolor:#ffffff;\n}\n<\/style>\n<div  class='avia-image-container av-kz6zpvcl-19c65b239e30e0ca16ee733b2bb27ad0 av-styling-no-styling av-img-linked avia-align-center  avia-builder-el-3  el_before_av_textblock  avia-builder-el-first'   itemprop=\"image\" itemscope=\"itemscope\" itemtype=\"https:\/\/schema.org\/ImageObject\" ><div class=\"avia-image-container-inner\"><div class=\"avia-image-overlay-wrap\"><a href=\"https:\/\/www.bs-collection.com\/\" class='avia_image'  target=\"_blank\"  rel=\"noopener noreferrer\" ><img decoding=\"async\" fetchpriority=\"high\" class='wp-image-126 avia-img-lazy-loading-not-126 avia_image' src=\"https:\/\/servicestation.ch\/wp-content\/uploads\/2022\/02\/bs_collection-daniel-hunziker.jpg\" alt='Service Station Boutique Business Apartments' title=''  height=\"1280\" width=\"1920\"  itemprop=\"thumbnailUrl\" srcset=\"https:\/\/servicestation.ch\/wp-content\/uploads\/2022\/02\/bs_collection-daniel-hunziker.jpg 1920w, https:\/\/servicestation.ch\/wp-content\/uploads\/2022\/02\/bs_collection-daniel-hunziker-300x200.jpg 300w, https:\/\/servicestation.ch\/wp-content\/uploads\/2022\/02\/bs_collection-daniel-hunziker-1030x687.jpg 1030w, https:\/\/servicestation.ch\/wp-content\/uploads\/2022\/02\/bs_collection-daniel-hunziker-768x512.jpg 768w, https:\/\/servicestation.ch\/wp-content\/uploads\/2022\/02\/bs_collection-daniel-hunziker-1536x1024.jpg 1536w, https:\/\/servicestation.ch\/wp-content\/uploads\/2022\/02\/bs_collection-daniel-hunziker-1500x1000.jpg 1500w, https:\/\/servicestation.ch\/wp-content\/uploads\/2022\/02\/bs_collection-daniel-hunziker-705x470.jpg 705w\" sizes=\"(max-width: 1920px) 100vw, 1920px\" \/><\/a><\/div><\/div><\/div><br \/>\n<section  class='av_textblock_section av-kz71hlym-53d808a392a45e401350439bad619128'   itemscope=\"itemscope\" itemtype=\"https:\/\/schema.org\/CreativeWork\" ><div class='avia_textblock'  itemprop=\"text\" ><p>8004 Zurich, Switzerland<br \/>\n<a href=\"http:\/\/www.bs-collection.com\/\" target=\"_blank\" rel=\"noopener\">www.bs-collection.com<\/a><strong><br \/>\n<\/strong><a href=\"http:\/\/www.danielhunziker.com\" target=\"_blank\" rel=\"noopener\">www.danielhunziker.com<\/a><\/p>\n<\/div><\/section><\/p><\/div><div  class='flex_column av-17j91-d991d4157c10bce6c69c9351f4c4ab62 av_two_third  avia-builder-el-5  el_after_av_one_third  avia-builder-el-last  flex_column_div  column-top-margin'     ><section  class='av_textblock_section av-kz71gmb8-000a7801e5b25e29ff48272d161e1dc8'   itemscope=\"itemscope\" itemtype=\"https:\/\/schema.org\/CreativeWork\" ><div class='avia_textblock'  itemprop=\"text\" ><h2><strong>bs-collection \/Daniel Hunziker<\/strong><\/h2>\n<p>Handmade in Switzerland. The furniture collection has been developed by Daniel Hunziker for Hotel Beau S\u00e9jour Lucerne. It is as a small-scale, and can be individually ordered from the Swiss furniture manufacturer Girsberger in B\u00fctzberg BE. In the BS-Collection a contemporary Design and precious hand-work connect. In addition, Daniel Hunziker developed for the Service Station and partner companies design furniture in small batches.<\/p>\n<\/div><\/section><\/div><\/div><\/div><\/main><!-- close content main element --><\/div><\/div>\n<style type=\"text\/css\" data-created_by=\"avia_inline_auto\" id=\"style-css-av-16p19-050ffca0dd54073a2868514f94a9c704\">\n.avia-section.av-16p19-050ffca0dd54073a2868514f94a9c704{\nmargin-top:0px;\nmargin-bottom:0px;\n}\n<\/style>\n<div id='av_section_2'  class='avia-section av-16p19-050ffca0dd54073a2868514f94a9c704 main_color avia-section-default avia-no-border-styling  avia-builder-el-7  el_after_av_section  el_before_av_section  avia-bg-style-scroll container_wrap fullsize'  ><div class='container av-section-cont-open' ><div class='template-page content  av-content-full alpha units'><div class='post-entry post-entry-type-page post-entry-7'><div class='entry-content-wrapper clearfix'>\n<div  class='flex_column av-kzrf-9ee7052dba769dabb10ecc733d3cc5e4 av_one_third  avia-builder-el-8  el_before_av_two_third  avia-builder-el-first  first flex_column_div'     ><p>\n<style type=\"text\/css\" data-created_by=\"avia_inline_auto\" id=\"style-css-av-kz6zpanl-13baa7e136bd787bd0e8356b4fdfc0f3\">\n.avia-image-container.av-kz6zpanl-13baa7e136bd787bd0e8356b4fdfc0f3 img.avia_image{\nbox-shadow:none;\n}\n.avia-image-container.av-kz6zpanl-13baa7e136bd787bd0e8356b4fdfc0f3 .av-image-caption-overlay-center{\ncolor:#ffffff;\n}\n<\/style>\n<div  class='avia-image-container av-kz6zpanl-13baa7e136bd787bd0e8356b4fdfc0f3 av-styling-no-styling av-img-linked avia-align-center  avia-builder-el-9  el_before_av_textblock  avia-builder-el-first'   itemprop=\"image\" itemscope=\"itemscope\" itemtype=\"https:\/\/schema.org\/ImageObject\" ><div class=\"avia-image-container-inner\"><div class=\"avia-image-overlay-wrap\"><a href=\"https:\/\/www.desede.ch\/de\" class='avia_image'  target=\"_blank\"  rel=\"noopener noreferrer\" ><img decoding=\"async\" fetchpriority=\"high\" class='wp-image-129 avia-img-lazy-loading-not-129 avia_image' src=\"https:\/\/servicestation.ch\/wp-content\/uploads\/2022\/02\/Service-Station-Business-Apartments-de-Sede.jpg\" alt='Service Station Boutique Business Apartments' title=''  height=\"1280\" width=\"1920\"  itemprop=\"thumbnailUrl\" srcset=\"https:\/\/servicestation.ch\/wp-content\/uploads\/2022\/02\/Service-Station-Business-Apartments-de-Sede.jpg 1920w, https:\/\/servicestation.ch\/wp-content\/uploads\/2022\/02\/Service-Station-Business-Apartments-de-Sede-300x200.jpg 300w, https:\/\/servicestation.ch\/wp-content\/uploads\/2022\/02\/Service-Station-Business-Apartments-de-Sede-1030x687.jpg 1030w, https:\/\/servicestation.ch\/wp-content\/uploads\/2022\/02\/Service-Station-Business-Apartments-de-Sede-768x512.jpg 768w, https:\/\/servicestation.ch\/wp-content\/uploads\/2022\/02\/Service-Station-Business-Apartments-de-Sede-1536x1024.jpg 1536w, https:\/\/servicestation.ch\/wp-content\/uploads\/2022\/02\/Service-Station-Business-Apartments-de-Sede-1500x1000.jpg 1500w, https:\/\/servicestation.ch\/wp-content\/uploads\/2022\/02\/Service-Station-Business-Apartments-de-Sede-705x470.jpg 705w\" sizes=\"(max-width: 1920px) 100vw, 1920px\" \/><\/a><\/div><\/div><\/div><br \/>\n<section  class='av_textblock_section av-kz71a3zo-144d3f6b08f850070d2274cc59c77231'   itemscope=\"itemscope\" itemtype=\"https:\/\/schema.org\/CreativeWork\" ><div class='avia_textblock'  itemprop=\"text\" ><p>5313 Klingnau, Switzerland<br \/>\n<a href=\"http:\/\/www.desede.ch\" target=\"_blank\" rel=\"noopener\">www.desede.ch<\/a><\/p>\n<\/div><\/section><\/p><\/div><div  class='flex_column av-13rk1-a43e988d36f7c6ab4503b070f3fb8c47 av_two_third  avia-builder-el-11  el_after_av_one_third  avia-builder-el-last  flex_column_div'     ><section  class='av_textblock_section av-kz717bd8-33dda712b379f797252ad67f4112c34e'   itemscope=\"itemscope\" itemtype=\"https:\/\/schema.org\/CreativeWork\" ><div class='avia_textblock'  itemprop=\"text\" ><h2><strong>de Sede AG<\/strong><\/h2>\n<p>The story of de Sede began in 1962 as a small but highly respected saddlery in Klingnau. The craftsmen of this workshop dedicated themselves to processing furniture leather to the highest standard, combining years of experience with great care to create unique, hand-crafted leather furniture. In 1965, the family transformed the business into a joint-stock company, de Sede AG, but the original values and principles remained firmly in place.\nSince then, the company has developed rapidly. Renowned international designers have contributed to the creation of the furniture, with sophisticated designs expertly crafted with precision and traditional Swiss craftsmanship. This helped the brand gain a global reputation very quickly.<\/p>\n<\/div><\/section><\/div>\n<\/p>\n<\/div><\/div><\/div><!-- close content main div --><\/div><\/div>\n<style type=\"text\/css\" data-created_by=\"avia_inline_auto\" id=\"style-css-av-123jr-6df200cf5b1eeb7da49bb6897d43ec83\">\n.avia-section.av-123jr-6df200cf5b1eeb7da49bb6897d43ec83{\nmargin-top:0px;\nmargin-bottom:0px;\n}\n<\/style>\n<div id='av_section_3'  class='avia-section av-123jr-6df200cf5b1eeb7da49bb6897d43ec83 main_color avia-section-default avia-no-border-styling  avia-builder-el-13  el_after_av_section  el_before_av_section  avia-bg-style-scroll container_wrap fullsize'  ><div class='container av-section-cont-open' ><div class='template-page content  av-content-full alpha units'><div class='post-entry post-entry-type-page post-entry-7'><div class='entry-content-wrapper clearfix'>\n<div  class='flex_column av-4nsh-871613bd088fb1609c3189fb4e7884e4 av_one_third  avia-builder-el-14  el_before_av_two_third  avia-builder-el-first  first flex_column_div'     ><p>\n<style type=\"text\/css\" data-created_by=\"avia_inline_auto\" id=\"style-css-av-kz6zrh8m-c0a43579e5eccbc9af70eb5f5cd5944f\">\n.avia-image-container.av-kz6zrh8m-c0a43579e5eccbc9af70eb5f5cd5944f img.avia_image{\nbox-shadow:none;\n}\n.avia-image-container.av-kz6zrh8m-c0a43579e5eccbc9af70eb5f5cd5944f .av-image-caption-overlay-center{\ncolor:#ffffff;\n}\n<\/style>\n<div  class='avia-image-container av-kz6zrh8m-c0a43579e5eccbc9af70eb5f5cd5944f av-styling-no-styling av-img-linked avia-align-center  avia-builder-el-15  el_before_av_textblock  avia-builder-el-first'   itemprop=\"image\" itemscope=\"itemscope\" itemtype=\"https:\/\/schema.org\/ImageObject\" ><div class=\"avia-image-container-inner\"><div class=\"avia-image-overlay-wrap\"><a href=\"https:\/\/www.usm.com\/de-ch\/office\/homepage\/\" class='avia_image'  target=\"_blank\"  rel=\"noopener noreferrer\" ><img decoding=\"async\" fetchpriority=\"high\" class='wp-image-136 avia-img-lazy-loading-not-136 avia_image' src=\"https:\/\/servicestation.ch\/wp-content\/uploads\/2022\/02\/Service-Station-Business-Apartments-USM-Haller.jpg\" alt='Service Station Boutique Business Apartments' title=''  height=\"1280\" width=\"1920\"  itemprop=\"thumbnailUrl\" srcset=\"https:\/\/servicestation.ch\/wp-content\/uploads\/2022\/02\/Service-Station-Business-Apartments-USM-Haller.jpg 1920w, https:\/\/servicestation.ch\/wp-content\/uploads\/2022\/02\/Service-Station-Business-Apartments-USM-Haller-300x200.jpg 300w, https:\/\/servicestation.ch\/wp-content\/uploads\/2022\/02\/Service-Station-Business-Apartments-USM-Haller-1030x687.jpg 1030w, https:\/\/servicestation.ch\/wp-content\/uploads\/2022\/02\/Service-Station-Business-Apartments-USM-Haller-768x512.jpg 768w, https:\/\/servicestation.ch\/wp-content\/uploads\/2022\/02\/Service-Station-Business-Apartments-USM-Haller-1536x1024.jpg 1536w, https:\/\/servicestation.ch\/wp-content\/uploads\/2022\/02\/Service-Station-Business-Apartments-USM-Haller-1500x1000.jpg 1500w, https:\/\/servicestation.ch\/wp-content\/uploads\/2022\/02\/Service-Station-Business-Apartments-USM-Haller-705x470.jpg 705w\" sizes=\"(max-width: 1920px) 100vw, 1920px\" \/><\/a><\/div><\/div><\/div><br \/>\n<section  class='av_textblock_section av-kz71lkyy-9186691ac368e69016c40f635627f6cb'   itemscope=\"itemscope\" itemtype=\"https:\/\/schema.org\/CreativeWork\" ><div class='avia_textblock'  itemprop=\"text\" ><p>3110 M\u00fcnsingen, Switzerland<br \/>\n<a href=\"http:\/\/www.usm.com\" target=\"_blank\" rel=\"noopener\">www.usm.com<\/a><\/p>\n<\/div><\/section><\/p><\/div><div  class='flex_column av-109f7-e7d2525b253f30629f95413bd7882c78 av_two_third  avia-builder-el-17  el_after_av_one_third  avia-builder-el-last  flex_column_div'     ><section  class='av_textblock_section av-kz71l3uj-a854e93cf22aa90b89ee017c998240e3'   itemscope=\"itemscope\" itemtype=\"https:\/\/schema.org\/CreativeWork\" ><div class='avia_textblock'  itemprop=\"text\" ><h2>USM Haller<\/h2>\n<p>USM was founded in 1885 as a metal and lock manufacturing operation by Ulrich Sch\u00e4rer. The company's headquarters and factory are located in M\u00fcnsingen. In the early decades of the 20th century, USM specialised in window hardware, followed by decorative hinges and precision-crafted iron products.\n\nIn 1961, Paul Sch\u00e4rer joined the company, leading the family business into its third generation. With a background in engineering from the Swiss Federal Institute of Technology in Zurich, he was determined to modernise the company. He began by constructing a private manufacturing facility and company headquarters for USM.\n\nSch\u00e4rer enlisted the Swiss architect Fritz Haller to design a new factory and corporate building. Haller introduced a modular steel frame construction system that allowed for the necessary flexibility to accommodate various manufacturing processes and offered potential for future expansion.\n\nIn 1963, Haller and Sch\u00e4rer developed a modular furniture system that mirrored the modularity and versatility of the new building. This furniture, like the building itself, was not based on individual pieces, but on an adaptable, reconfigurable system of steel modules. This system was designed to meet the diverse needs of the factory and office spaces. At the heart of the system is the elegant and innovative ball-and-socket connection.<\/p>\n<\/div><\/section><\/div>\n\n<\/div><\/div><\/div><!-- close content main div --><\/div><\/div><div id='av_section_4'  class='avia-section av-xcm5-f2cf70de53bd6d55c58a4cfb3131671f main_color avia-section-default avia-no-border-styling  avia-builder-el-19  el_after_av_section  el_before_av_section  avia-bg-style-scroll container_wrap fullsize'  ><div class='container av-section-cont-open' ><div class='template-page content  av-content-full alpha units'><div class='post-entry post-entry-type-page post-entry-7'><div class='entry-content-wrapper clearfix'>\n<div  class='flex_column av-dy05-4c90c6c634804d514bddcb9e867e2875 av_one_third  avia-builder-el-20  el_before_av_two_third  avia-builder-el-first  first flex_column_div'     ><p>\n<style type=\"text\/css\" data-created_by=\"avia_inline_auto\" id=\"style-css-av-kz6zpza1-1b5ad189f70da01b0f74c4f92d1725c2\">\n.avia-image-container.av-kz6zpza1-1b5ad189f70da01b0f74c4f92d1725c2 img.avia_image{\nbox-shadow:none;\n}\n.avia-image-container.av-kz6zpza1-1b5ad189f70da01b0f74c4f92d1725c2 .av-image-caption-overlay-center{\ncolor:#ffffff;\n}\n<\/style>\n<div  class='avia-image-container av-kz6zpza1-1b5ad189f70da01b0f74c4f92d1725c2 av-styling-no-styling av-img-linked avia-align-center  avia-builder-el-21  el_before_av_textblock  avia-builder-el-first'   itemprop=\"image\" itemscope=\"itemscope\" itemtype=\"https:\/\/schema.org\/ImageObject\" ><div class=\"avia-image-container-inner\"><div class=\"avia-image-overlay-wrap\"><a href=\"https:\/\/www.embru.ch\/de\/\" class='avia_image'  target=\"_blank\"  rel=\"noopener noreferrer\" ><img decoding=\"async\" fetchpriority=\"high\" class='wp-image-130 avia-img-lazy-loading-not-130 avia_image' src=\"https:\/\/servicestation.ch\/wp-content\/uploads\/2022\/02\/Service-Station-Business-Apartments-Embru.jpg\" alt='Service Station Boutique Business Apartments' title=''  height=\"1280\" width=\"1920\"  itemprop=\"thumbnailUrl\" srcset=\"https:\/\/servicestation.ch\/wp-content\/uploads\/2022\/02\/Service-Station-Business-Apartments-Embru.jpg 1920w, https:\/\/servicestation.ch\/wp-content\/uploads\/2022\/02\/Service-Station-Business-Apartments-Embru-300x200.jpg 300w, https:\/\/servicestation.ch\/wp-content\/uploads\/2022\/02\/Service-Station-Business-Apartments-Embru-1030x687.jpg 1030w, https:\/\/servicestation.ch\/wp-content\/uploads\/2022\/02\/Service-Station-Business-Apartments-Embru-768x512.jpg 768w, https:\/\/servicestation.ch\/wp-content\/uploads\/2022\/02\/Service-Station-Business-Apartments-Embru-1536x1024.jpg 1536w, https:\/\/servicestation.ch\/wp-content\/uploads\/2022\/02\/Service-Station-Business-Apartments-Embru-1500x1000.jpg 1500w, https:\/\/servicestation.ch\/wp-content\/uploads\/2022\/02\/Service-Station-Business-Apartments-Embru-705x470.jpg 705w\" sizes=\"(max-width: 1920px) 100vw, 1920px\" \/><\/a><\/div><\/div><\/div><br \/>\n<section  class='av_textblock_section av-kz71gibn-efc55c8ef1f3448511bf17dd6c740d19'   itemscope=\"itemscope\" itemtype=\"https:\/\/schema.org\/CreativeWork\" ><div class='avia_textblock'  itemprop=\"text\" ><p>8630 R\u00fcti, Switzerland<br \/>\n<a href=\"https:\/\/www.embru.ch\/\" target=\"_blank\" rel=\"noopener\">www.embru.ch<\/a><\/p>\n<\/div><\/section><\/p><\/div><div  class='flex_column av-uead-2793e493732454bd2511570909c7e27f av_two_third  avia-builder-el-23  el_after_av_one_third  avia-builder-el-last  flex_column_div'     ><section  class='av_textblock_section av-kz71fy1m-6cab0765ec6f354b6ba6421296b282e2'   itemscope=\"itemscope\" itemtype=\"https:\/\/schema.org\/CreativeWork\" ><div class='avia_textblock'  itemprop=\"text\" ><h2><strong>Embru-Werke AG<\/strong><\/h2>\n<p>Embru, a company specialising in iron and metalwork, was founded in 1904 in the R\u00fcti factory. In the 1930s, modern tubular steel furniture was added to the product range, and the company began collaborating with designers and architects, including Marcel Breuer and Werner Max Moser. During this time, the first height-adjustable school tables were created.\n\nAfter the Second World War, Embru expanded its focus to the development of hospital and care beds. By the late 1970s, the company launched one of the world\u2019s most successful office furniture programmes, \"Ergo Data\". \nEmbru produces high-quality furniture with functional design, where form and safety are key factors. The furniture is not only durable but also designed with environmental sustainability in mind. Production in Switzerland ensures that these high standards are met. Around 200 employees across multiple locations work for Embru.<\/p>\n<\/div><\/section><\/div>\n\n<\/div><\/div><\/div><!-- close content main div --><\/div><\/div><div id='av_section_5'  class='avia-section av-2wwl-c8a87272c032d6c1316321083af97a55 main_color avia-section-default avia-no-border-styling  avia-builder-el-25  el_after_av_section  el_before_av_section  avia-bg-style-scroll container_wrap fullsize'  ><div class='container av-section-cont-open' ><div class='template-page content  av-content-full alpha units'><div class='post-entry post-entry-type-page post-entry-7'><div class='entry-content-wrapper clearfix'>\n<div  class='flex_column av-8c9x-1704d0edc255a6aabb463b2daec5b4f6 av_one_third  avia-builder-el-26  el_before_av_two_third  avia-builder-el-first  first flex_column_div'     ><p>\n<style type=\"text\/css\" data-created_by=\"avia_inline_auto\" id=\"style-css-av-kz6zrd3q-1739102039dfba5f7468440631599d4e\">\n.avia-image-container.av-kz6zrd3q-1739102039dfba5f7468440631599d4e img.avia_image{\nbox-shadow:none;\n}\n.avia-image-container.av-kz6zrd3q-1739102039dfba5f7468440631599d4e .av-image-caption-overlay-center{\ncolor:#ffffff;\n}\n<\/style>\n<div  class='avia-image-container av-kz6zrd3q-1739102039dfba5f7468440631599d4e av-styling-no-styling av-img-linked avia-align-center  avia-builder-el-27  el_before_av_textblock  avia-builder-el-first'   itemprop=\"image\" itemscope=\"itemscope\" itemtype=\"https:\/\/schema.org\/ImageObject\" ><div class=\"avia-image-container-inner\"><div class=\"avia-image-overlay-wrap\"><a href=\"https:\/\/www.horgenglarus.ch\/\" class='avia_image'  target=\"_blank\"  rel=\"noopener noreferrer\" ><img decoding=\"async\" fetchpriority=\"high\" class='wp-image-135 avia-img-lazy-loading-not-135 avia_image' src=\"https:\/\/servicestation.ch\/wp-content\/uploads\/2022\/02\/Service-Station-Business-Apartments-horgenglarus.jpg\" alt='Service Station Boutique Business Apartments' title=''  height=\"1280\" width=\"1920\"  itemprop=\"thumbnailUrl\" srcset=\"https:\/\/servicestation.ch\/wp-content\/uploads\/2022\/02\/Service-Station-Business-Apartments-horgenglarus.jpg 1920w, https:\/\/servicestation.ch\/wp-content\/uploads\/2022\/02\/Service-Station-Business-Apartments-horgenglarus-300x200.jpg 300w, https:\/\/servicestation.ch\/wp-content\/uploads\/2022\/02\/Service-Station-Business-Apartments-horgenglarus-1030x687.jpg 1030w, https:\/\/servicestation.ch\/wp-content\/uploads\/2022\/02\/Service-Station-Business-Apartments-horgenglarus-768x512.jpg 768w, https:\/\/servicestation.ch\/wp-content\/uploads\/2022\/02\/Service-Station-Business-Apartments-horgenglarus-1536x1024.jpg 1536w, https:\/\/servicestation.ch\/wp-content\/uploads\/2022\/02\/Service-Station-Business-Apartments-horgenglarus-1500x1000.jpg 1500w, https:\/\/servicestation.ch\/wp-content\/uploads\/2022\/02\/Service-Station-Business-Apartments-horgenglarus-705x470.jpg 705w\" sizes=\"(max-width: 1920px) 100vw, 1920px\" \/><\/a><\/div><\/div><\/div><br \/>\n<section  class='av_textblock_section av-kz71kmfq-23cccc529c9d6bfc4c695e4b606bf48b'   itemscope=\"itemscope\" itemtype=\"https:\/\/schema.org\/CreativeWork\" ><div class='avia_textblock'  itemprop=\"text\" ><p>8750 Glarus, Switzerland<br \/>\n<a href=\"http:\/\/www.horgenglarus.ch\" target=\"_blank\" rel=\"noopener\">www.horgenglarus.ch<\/a><\/p>\n<\/div><\/section><\/p><\/div><div  class='flex_column av-2obp-e6772d1ff1f372b0da005e6f8de396c1 av_two_third  avia-builder-el-29  el_after_av_one_third  avia-builder-el-last  flex_column_div'     ><section  class='av_textblock_section av-kz71jzdx-8d346ad3a9f2af74d58bfa55a8a8cb27'   itemscope=\"itemscope\" itemtype=\"https:\/\/schema.org\/CreativeWork\" ><div class='avia_textblock'  itemprop=\"text\" ><h2>Horgen Glarus<\/h2>\n<p>Founded in 1880 in Horgen, Zurich, the Glarus-based company Horgenglarus, established in 1902, is the oldest chair and table manufacturer in Switzerland. For over 135 years, it has been a global leader in furniture manufacturing, renowned for its design and quality. Le Corbusier, for example, showcased chairs from Horgenglarus in his \"Pavillon de l'Esprit Nouveau\" at the \"Exposition Internationale des Arts D\u00e9coratifs\" in Paris, presenting them as prime examples of a modern, forward-thinking approach to living culture.<br \/>\nThis innovative orientation has changed nothing: as before, the characteristic combination of Form and function in Horgen Glarus in the center. The recognition of: classical, form completion, timeless, and high processing quality and the criteria according to which Horgen Glarus with the title of &#034;world class Made in Switzerland&#034; is excellent to have been loud.<\/p>\n<\/div><\/section><\/div>\n\n<\/div><\/div><\/div><!-- close content main div --><\/div><\/div><div id='av_section_6'  class='avia-section av-p7kp-c34661fc73f861db0dc37bee231d351f main_color avia-section-default avia-no-border-styling  avia-builder-el-31  el_after_av_section  el_before_av_section  avia-bg-style-scroll container_wrap fullsize'  ><div class='container av-section-cont-open' ><div class='template-page content  av-content-full alpha units'><div class='post-entry post-entry-type-page post-entry-7'><div class='entry-content-wrapper clearfix'>\n<div  class='flex_column av-a63n-46ee8524838e32691eae2e6602e60923 av_one_third  avia-builder-el-32  el_before_av_two_third  avia-builder-el-first  first flex_column_div'     ><p>\n<style type=\"text\/css\" data-created_by=\"avia_inline_auto\" id=\"style-css-av-kz6zr7zg-992d15b5f568a2909bc94920fee21d59\">\n.avia-image-container.av-kz6zr7zg-992d15b5f568a2909bc94920fee21d59 img.avia_image{\nbox-shadow:none;\n}\n.avia-image-container.av-kz6zr7zg-992d15b5f568a2909bc94920fee21d59 .av-image-caption-overlay-center{\ncolor:#ffffff;\n}\n<\/style>\n<div  class='avia-image-container av-kz6zr7zg-992d15b5f568a2909bc94920fee21d59 av-styling-no-styling av-img-linked avia-align-center  avia-builder-el-33  el_before_av_textblock  avia-builder-el-first'   itemprop=\"image\" itemscope=\"itemscope\" itemtype=\"https:\/\/schema.org\/ImageObject\" ><div class=\"avia-image-container-inner\"><div class=\"avia-image-overlay-wrap\"><a href=\"https:\/\/www.straessle-switzerland.com\/\" class='avia_image'  target=\"_blank\"  rel=\"noopener noreferrer\" ><img decoding=\"async\" fetchpriority=\"high\" class='wp-image-133 avia-img-lazy-loading-not-133 avia_image' src=\"https:\/\/servicestation.ch\/wp-content\/uploads\/2022\/02\/Service-Station-Business-Apartments-Straessle.jpg\" alt='Service Station Boutique Business Apartments' title=''  height=\"1280\" width=\"1920\"  itemprop=\"thumbnailUrl\" srcset=\"https:\/\/servicestation.ch\/wp-content\/uploads\/2022\/02\/Service-Station-Business-Apartments-Straessle.jpg 1920w, https:\/\/servicestation.ch\/wp-content\/uploads\/2022\/02\/Service-Station-Business-Apartments-Straessle-300x200.jpg 300w, https:\/\/servicestation.ch\/wp-content\/uploads\/2022\/02\/Service-Station-Business-Apartments-Straessle-1030x687.jpg 1030w, https:\/\/servicestation.ch\/wp-content\/uploads\/2022\/02\/Service-Station-Business-Apartments-Straessle-768x512.jpg 768w, https:\/\/servicestation.ch\/wp-content\/uploads\/2022\/02\/Service-Station-Business-Apartments-Straessle-1536x1024.jpg 1536w, https:\/\/servicestation.ch\/wp-content\/uploads\/2022\/02\/Service-Station-Business-Apartments-Straessle-1500x1000.jpg 1500w, https:\/\/servicestation.ch\/wp-content\/uploads\/2022\/02\/Service-Station-Business-Apartments-Straessle-705x470.jpg 705w\" sizes=\"(max-width: 1920px) 100vw, 1920px\" \/><\/a><\/div><\/div><\/div><br \/>\n<section  class='av_textblock_section av-kz71iw5k-14577ae270281eabfa3e18d4ae780671'   itemscope=\"itemscope\" itemtype=\"https:\/\/schema.org\/CreativeWork\" ><div class='avia_textblock'  itemprop=\"text\" ><p>8556 Wigoltingen, Switzerland<br \/>\n<a href=\"http:\/\/www.straessle-switzerland.com\" target=\"_blank\" rel=\"noopener\">www.straessle-switzerland.com<\/a><\/p>\n<\/div><\/section><\/p><\/div><div  class='flex_column av-nk9f-d029a30b4e50b4f343c2b2215e2dc2aa av_two_third  avia-builder-el-35  el_after_av_one_third  avia-builder-el-last  flex_column_div'     ><section  class='av_textblock_section av-kz71iob4-8d398a2a931b457f468b2e6deef055c0'   itemscope=\"itemscope\" itemtype=\"https:\/\/schema.org\/CreativeWork\" ><div class='avia_textblock'  itemprop=\"text\" ><h2>Str\u00e4ssle Switzerland AG<\/h2>\n<p>In 1886, in Kirchberg, Toggenburg, saddler Gottlieb Str\u00e4ssle opened a business specialising in saddlery, upholstery, and carriage building after many years of experience. In 1929, his son, who had trained as an interior decorator in Nice, took over the family business. That same year, he showcased his first contemporary collection of cushions at the Swiss Trade Fair in Basel. This marked the beginning of their specialisation in the production of groundbreaking seating furniture.\n\nIn 1930, his brother, Alois, joined the company. Numerous models from their collections are now featured in the book \"Furniture History\" and listed as significant designs in the \"Eichberger Collection\", including the \"Arco\" and \"Nonna\" chairs by Paul Tuttle, the fiberglass and polyester \"Sitwell\" furniture by Hans Bellmann, and the \"Divan\" model by S.L. Bensinger.  Today, production still follows the same principles: sophisticated design, high-quality materials, and exceptional craftsmanship. Premium aniline leather, processed by experts, completes these unique seating and coffee tables, offering a dream-like touch and lasting durability.<\/p>\n<\/div><\/section><\/div>\n\n<\/div><\/div><\/div><!-- close content main div --><\/div><\/div><div id='av_section_7'  class='avia-section av-k2j1-e9ff77498ad4f53e664b53ba940c6cc9 main_color avia-section-default avia-no-border-styling  avia-builder-el-37  el_after_av_section  el_before_av_section  avia-bg-style-scroll container_wrap fullsize'  ><div class='container av-section-cont-open' ><div class='template-page content  av-content-full alpha units'><div class='post-entry post-entry-type-page post-entry-7'><div class='entry-content-wrapper clearfix'>\n<div  class='flex_column av-2jz1-6bb1bba1438e4770f1738ab30080245f av_one_third  avia-builder-el-38  el_before_av_two_third  avia-builder-el-first  first flex_column_div'     ><p>\n<style type=\"text\/css\" data-created_by=\"avia_inline_auto\" id=\"style-css-av-kz6zrlkd-46416f87b9b0e52578a2e8cfcbaf47ef\">\n.avia-image-container.av-kz6zrlkd-46416f87b9b0e52578a2e8cfcbaf47ef img.avia_image{\nbox-shadow:none;\n}\n.avia-image-container.av-kz6zrlkd-46416f87b9b0e52578a2e8cfcbaf47ef .av-image-caption-overlay-center{\ncolor:#ffffff;\n}\n<\/style>\n<div  class='avia-image-container av-kz6zrlkd-46416f87b9b0e52578a2e8cfcbaf47ef av-styling-no-styling av-img-linked avia-align-center  avia-builder-el-39  el_before_av_textblock  avia-builder-el-first'   itemprop=\"image\" itemscope=\"itemscope\" itemtype=\"https:\/\/schema.org\/ImageObject\" ><div class=\"avia-image-container-inner\"><div class=\"avia-image-overlay-wrap\"><a href=\"https:\/\/de.wikipedia.org\/wiki\/Porzellanfabrik_Langenthal\" class='avia_image'  target=\"_blank\"  rel=\"noopener noreferrer\" ><img decoding=\"async\" fetchpriority=\"high\" class='wp-image-137 avia-img-lazy-loading-not-137 avia_image' src=\"https:\/\/servicestation.ch\/wp-content\/uploads\/2022\/02\/Service-Station-Business-Apartments-Porzellanfabrik-Langenthal.jpg\" alt='Service Station Boutique Business Apartments' title=''  height=\"1280\" width=\"1920\"  itemprop=\"thumbnailUrl\" srcset=\"https:\/\/servicestation.ch\/wp-content\/uploads\/2022\/02\/Service-Station-Business-Apartments-Porzellanfabrik-Langenthal.jpg 1920w, https:\/\/servicestation.ch\/wp-content\/uploads\/2022\/02\/Service-Station-Business-Apartments-Porzellanfabrik-Langenthal-300x200.jpg 300w, https:\/\/servicestation.ch\/wp-content\/uploads\/2022\/02\/Service-Station-Business-Apartments-Porzellanfabrik-Langenthal-1030x687.jpg 1030w, https:\/\/servicestation.ch\/wp-content\/uploads\/2022\/02\/Service-Station-Business-Apartments-Porzellanfabrik-Langenthal-768x512.jpg 768w, https:\/\/servicestation.ch\/wp-content\/uploads\/2022\/02\/Service-Station-Business-Apartments-Porzellanfabrik-Langenthal-1536x1024.jpg 1536w, https:\/\/servicestation.ch\/wp-content\/uploads\/2022\/02\/Service-Station-Business-Apartments-Porzellanfabrik-Langenthal-1500x1000.jpg 1500w, https:\/\/servicestation.ch\/wp-content\/uploads\/2022\/02\/Service-Station-Business-Apartments-Porzellanfabrik-Langenthal-705x470.jpg 705w\" sizes=\"(max-width: 1920px) 100vw, 1920px\" \/><\/a><\/div><\/div><\/div><br \/>\n<section  class='av_textblock_section av-kz71n5t4-69de1f2c4b674ee84e7e12ebdbb75516'   itemscope=\"itemscope\" itemtype=\"https:\/\/schema.org\/CreativeWork\" ><div class='avia_textblock'  itemprop=\"text\" ><p>4900 Langenthal, Switzerland<br \/>\nVintage Design<br \/>\n<a href=\"https:\/\/de.wikipedia.org\/wiki\/Porzellanfabrik_Langenthal\" target=\"_blank\" rel=\"noopener\">Wikipedia<\/a><\/p>\n<\/div><\/section><\/p><\/div><div  class='flex_column av-hvlx-6396c62873ccf2efc71bdd0896176063 av_two_third  avia-builder-el-41  el_after_av_one_third  avia-builder-el-last  flex_column_div'     ><section  class='av_textblock_section av-kz71mhyn-d9a93fffda6da28cb8f68122657a6840'   itemscope=\"itemscope\" itemtype=\"https:\/\/schema.org\/CreativeWork\" ><div class='avia_textblock'  itemprop=\"text\" ><h2><strong>Porzellanfabrik Langenthal<\/strong><\/h2>\n<p>The Porzellanfabrik Langenthal (known as \"Porzi\") was founded in 1906 in Langenthal, Switzerland, in the Bernese Oberaargau region. The early years were marked by the native style of the painters and the artistic direction of Rudolf M\u00fcnger, who introduced floral patterns, garlands, soldiers, and costume characters that reflected the national style. The factory aimed to produce items that resonated with local tastes. With the arrival of artistic director Fernand Renfer, the company shifted towards modernity. Floral designs on vibrant backgrounds, influenced by Art Nouveau, evolved into highly stylised motifs inspired by Art Deco, all while highlighting the pure white porcelain. This period, between the two World Wars, is considered one of the factory's golden eras, and the pieces from this time are highly sought after by collectors today.\n\nSince 1925, Langenthal has been part of the Swiss Werkbund, a movement that advocated for the integration of aesthetic principles with industrial production techniques. It also called for a harmonious relationship between form and function. In 1956, the creation of the Artistic Forms and D\u00e9cor Studio took place, with Fernand Renfer being supported by his son, Pierre, as the head. The studio not only designed original and contemporary models but also developed a sophisticated artistic department. It was here that collaborations took place with professional designers, painters, and sculptors to bring new ideas to life.<\/p>\n<\/div><\/section><\/div>\n\n<\/div><\/div><\/div><!-- close content main div --><\/div><\/div><div id='av_section_8'  class='avia-section av-h285-71a374a27057c523533235da86d456a5 main_color avia-section-default avia-no-border-styling  avia-builder-el-43  el_after_av_section  el_before_av_section  avia-bg-style-scroll container_wrap fullsize'  ><div class='container av-section-cont-open' ><div class='template-page content  av-content-full alpha units'><div class='post-entry post-entry-type-page post-entry-7'><div class='entry-content-wrapper clearfix'>\n<div  class='flex_column av-1cf9-04f56399b88688a38ef59ae19b476e74 av_one_third  avia-builder-el-44  el_before_av_two_third  avia-builder-el-first  first flex_column_div'     ><p>\n<style type=\"text\/css\" data-created_by=\"avia_inline_auto\" id=\"style-css-av-kz71rkt0-176525d0d919921605fe72bd59f0d6e1\">\n.avia-image-container.av-kz71rkt0-176525d0d919921605fe72bd59f0d6e1 img.avia_image{\nbox-shadow:none;\n}\n.avia-image-container.av-kz71rkt0-176525d0d919921605fe72bd59f0d6e1 .av-image-caption-overlay-center{\ncolor:#ffffff;\n}\n<\/style>\n<div  class='avia-image-container av-kz71rkt0-176525d0d919921605fe72bd59f0d6e1 av-styling-no-styling av-img-linked avia-align-center  avia-builder-el-45  el_before_av_textblock  avia-builder-el-first'   itemprop=\"image\" itemscope=\"itemscope\" itemtype=\"https:\/\/schema.org\/ImageObject\" ><div class=\"avia-image-container-inner\"><div class=\"avia-image-overlay-wrap\"><a href=\"https:\/\/girsberger.com\/de\/\" class='avia_image'  target=\"_blank\"  rel=\"noopener noreferrer\" ><img decoding=\"async\" fetchpriority=\"high\" class='wp-image-199 avia-img-lazy-loading-not-199 avia_image' src=\"https:\/\/servicestation.ch\/wp-content\/uploads\/2022\/02\/Service-Station-Business-Apartments-Girsberger.jpg\" alt='Service Station Boutique Business Apartments' title=''  height=\"1280\" width=\"1920\"  itemprop=\"thumbnailUrl\" srcset=\"https:\/\/servicestation.ch\/wp-content\/uploads\/2022\/02\/Service-Station-Business-Apartments-Girsberger.jpg 1920w, https:\/\/servicestation.ch\/wp-content\/uploads\/2022\/02\/Service-Station-Business-Apartments-Girsberger-300x200.jpg 300w, https:\/\/servicestation.ch\/wp-content\/uploads\/2022\/02\/Service-Station-Business-Apartments-Girsberger-1030x687.jpg 1030w, https:\/\/servicestation.ch\/wp-content\/uploads\/2022\/02\/Service-Station-Business-Apartments-Girsberger-768x512.jpg 768w, https:\/\/servicestation.ch\/wp-content\/uploads\/2022\/02\/Service-Station-Business-Apartments-Girsberger-1536x1024.jpg 1536w, https:\/\/servicestation.ch\/wp-content\/uploads\/2022\/02\/Service-Station-Business-Apartments-Girsberger-1500x1000.jpg 1500w, https:\/\/servicestation.ch\/wp-content\/uploads\/2022\/02\/Service-Station-Business-Apartments-Girsberger-705x470.jpg 705w\" sizes=\"(max-width: 1920px) 100vw, 1920px\" \/><\/a><\/div><\/div><\/div><br \/>\n<section  class='av_textblock_section av-kz71qxv9-3d4e5bfe4a307526ce4d823f22939f64'   itemscope=\"itemscope\" itemtype=\"https:\/\/schema.org\/CreativeWork\" ><div class='avia_textblock'  itemprop=\"text\" ><p>4922 B\u00fctzberg, Switzerland<br \/>\n<a href=\"https:\/\/girsberger.com\/\" target=\"_blank\" rel=\"noopener\">www.girsberger.com<\/a><\/p>\n<\/div><\/section><\/p><\/div><div  class='flex_column av-cl2r-ead4f2053e7ba115a9a1429c9e7c510d av_two_third  avia-builder-el-47  el_after_av_one_third  avia-builder-el-last  flex_column_div'     ><section  class='av_textblock_section av-kz71ogc4-d1855b12a708be8d52a114b6d34fbb9c'   itemscope=\"itemscope\" itemtype=\"https:\/\/schema.org\/CreativeWork\" ><div class='avia_textblock'  itemprop=\"text\" ><h2>Girsberger AG<\/h2>\n<p>The company was founded as a joinery workshop in the year 1889 in Zurich. Over the decades, an international group of companies was created. Focus on furniture solutions for office, object-and the living area. After the early death of the founder, Heinrich Girsberger, led to Wilhelm Girsberger more from 1919 to the operation. The company began to flourish soon. After the successful operation of expansions and relocations within Zurich. With the move from Z\u00fcrich to B\u00fctzberg, a new Era began. A new company was built in Seating. With a modern machine Park in bright rooms, the optimal conditions for progress were working conditions, methods of production and series production.<\/p>\n<\/div><\/section><\/div>\n\n<\/div><\/div><\/div><!-- close content main div --><\/div><\/div><div id='av_section_9'  class='avia-section av-a4yt-d4432e19adb3b372f1a4159937162aef main_color avia-section-default avia-no-border-styling  avia-builder-el-49  el_after_av_section  avia-builder-el-last  avia-bg-style-scroll container_wrap fullsize'  ><div class='container av-section-cont-open' ><div class='template-page content  av-content-full alpha units'><div class='post-entry post-entry-type-page post-entry-7'><div class='entry-content-wrapper clearfix'>\n<div  class='flex_column av-h307-b0269f6dc6f3807ed320be1b6a021925 av_one_third  avia-builder-el-50  el_before_av_two_third  avia-builder-el-first  first flex_column_div'     ><p>\n<style type=\"text\/css\" data-created_by=\"avia_inline_auto\" id=\"style-css-av-kz6zprcm-fdaf4794f12d5ae79f28039c3022f033\">\n.avia-image-container.av-kz6zprcm-fdaf4794f12d5ae79f28039c3022f033 img.avia_image{\nbox-shadow:none;\n}\n.avia-image-container.av-kz6zprcm-fdaf4794f12d5ae79f28039c3022f033 .av-image-caption-overlay-center{\ncolor:#ffffff;\n}\n<\/style>\n<div  class='avia-image-container av-kz6zprcm-fdaf4794f12d5ae79f28039c3022f033 av-styling-no-styling av-img-linked avia-align-center  avia-builder-el-51  el_before_av_textblock  avia-builder-el-first'   itemprop=\"image\" itemscope=\"itemscope\" itemtype=\"https:\/\/schema.org\/ImageObject\" ><div class=\"avia-image-container-inner\"><div class=\"avia-image-overlay-wrap\"><a href=\"https:\/\/www.dietiker.com\/\" class='avia_image'  target=\"_blank\"  rel=\"noopener noreferrer\" ><img decoding=\"async\" fetchpriority=\"high\" class='wp-image-127 avia-img-lazy-loading-not-127 avia_image' src=\"https:\/\/servicestation.ch\/wp-content\/uploads\/2022\/02\/Service-Station-Business-Apartments-Dietiker.jpg\" alt='Service Station Boutique Business Apartments' title=''  height=\"1280\" width=\"1920\"  itemprop=\"thumbnailUrl\" srcset=\"https:\/\/servicestation.ch\/wp-content\/uploads\/2022\/02\/Service-Station-Business-Apartments-Dietiker.jpg 1920w, https:\/\/servicestation.ch\/wp-content\/uploads\/2022\/02\/Service-Station-Business-Apartments-Dietiker-300x200.jpg 300w, https:\/\/servicestation.ch\/wp-content\/uploads\/2022\/02\/Service-Station-Business-Apartments-Dietiker-1030x687.jpg 1030w, https:\/\/servicestation.ch\/wp-content\/uploads\/2022\/02\/Service-Station-Business-Apartments-Dietiker-768x512.jpg 768w, https:\/\/servicestation.ch\/wp-content\/uploads\/2022\/02\/Service-Station-Business-Apartments-Dietiker-1536x1024.jpg 1536w, https:\/\/servicestation.ch\/wp-content\/uploads\/2022\/02\/Service-Station-Business-Apartments-Dietiker-1500x1000.jpg 1500w, https:\/\/servicestation.ch\/wp-content\/uploads\/2022\/02\/Service-Station-Business-Apartments-Dietiker-705x470.jpg 705w\" sizes=\"(max-width: 1920px) 100vw, 1920px\" \/><\/a><\/div><\/div><\/div><br \/>\n<section  class='av_textblock_section av-kz71e2t9-1ce70fa22557ef6ef227e41a8e2f4e24'   itemscope=\"itemscope\" itemtype=\"https:\/\/schema.org\/CreativeWork\" ><div class='avia_textblock'  itemprop=\"text\" ><p>8260 Stein am Rhein, Switzerland<br \/>\n<a href=\"https:\/\/www.dietiker.com\/\" target=\"_blank\" rel=\"noopener\">www.dietiker.com<\/a><\/p>\n<\/div><\/section><\/p><\/div><div  class='flex_column av-6xad-a222c502f56d185769f5daeab2871f28 av_two_third  avia-builder-el-53  el_after_av_one_third  avia-builder-el-last  flex_column_div'     ><section  class='av_textblock_section av-kz71doko-661707752c6661d43d4661205ce8df77'   itemscope=\"itemscope\" itemtype=\"https:\/\/schema.org\/CreativeWork\" ><div class='avia_textblock'  itemprop=\"text\" ><h2>Dietiker AG<\/h2>\n<p>The originally small manufactory, which was founded in 1873, was developed during a period of nearly 40 years to a major factory. Johann Peter Dietiker, a wealthy young man, bought the company in 1918, and gave him his name, we know as a brand. The products were, in every respect, sound quality, and design work. And always Dietiker works with top Designers such as Edlef Bandixen, Willy Guhl, Bruno Rey, Hans Eichenberger, or This Weber.<\/p>\n<\/div><\/section><\/div>","protected":false},"excerpt":{"rendered":"","protected":false},"author":1,"featured_media":0,"parent":0,"menu_order":0,"comment_status":"closed","ping_status":"closed","template":"","meta":{"inline_featured_image":false,"footnotes":""},"class_list":["post-7","page","type-page","status-publish","hentry"],"yoast_head":"<!-- This site is optimized with the Yoast SEO plugin v27.5 - https:\/\/yoast.com\/product\/yoast-seo-wordpress\/ -->\n<title>Apartment Design - Service Station<\/title>\n<meta name=\"description\" content=\"Unser Anspruch an unser Business Apartment Design: Schweizer Premium Design-Hersteller, welche M\u00f6bel und Objekte formvollendet f\u00fcr die Ewigkeit herstellen.\" \/>\n<meta name=\"robots\" content=\"index, follow, max-snippet:-1, max-image-preview:large, max-video-preview:-1\" \/>\n<link rel=\"canonical\" href=\"https:\/\/servicestation.ch\/en\/apartment-design\/\" \/>\n<meta property=\"og:locale\" content=\"en_GB\" \/>\n<meta property=\"og:type\" content=\"article\" \/>\n<meta property=\"og:title\" content=\"Apartment Design - Service Station\" \/>\n<meta property=\"og:description\" content=\"Unser Anspruch an unser Business Apartment Design: Schweizer Premium Design-Hersteller, welche M\u00f6bel und Objekte formvollendet f\u00fcr die Ewigkeit herstellen.\" \/>\n<meta property=\"og:url\" content=\"https:\/\/servicestation.ch\/en\/apartment-design\/\" \/>\n<meta property=\"og:site_name\" content=\"Service Station\" \/>\n<meta property=\"article:modified_time\" content=\"2026-04-23T10:13:40+00:00\" \/>\n<meta name=\"twitter:card\" content=\"summary_large_image\" \/>\n<meta name=\"twitter:label1\" content=\"Estimated reading time\" \/>\n\t<meta name=\"twitter:data1\" content=\"9 minutes\" \/>\n<script type=\"application\/ld+json\" class=\"yoast-schema-graph\">{\"@context\":\"https:\\\/\\\/schema.org\",\"@graph\":[{\"@type\":\"WebPage\",\"@id\":\"https:\\\/\\\/servicestation.ch\\\/apartment-design\\\/\",\"url\":\"https:\\\/\\\/servicestation.ch\\\/apartment-design\\\/\",\"name\":\"Apartment Design - Service Station\",\"isPartOf\":{\"@id\":\"https:\\\/\\\/servicestation.ch\\\/#website\"},\"datePublished\":\"2022-02-03T11:46:48+00:00\",\"dateModified\":\"2026-04-23T10:13:40+00:00\",\"description\":\"Unser Anspruch an unser Business Apartment Design: Schweizer Premium Design-Hersteller, welche M\u00f6bel und Objekte formvollendet f\u00fcr die Ewigkeit herstellen.\",\"breadcrumb\":{\"@id\":\"https:\\\/\\\/servicestation.ch\\\/apartment-design\\\/#breadcrumb\"},\"inLanguage\":\"en-GB\",\"potentialAction\":[{\"@type\":\"ReadAction\",\"target\":[\"https:\\\/\\\/servicestation.ch\\\/apartment-design\\\/\"]}]},{\"@type\":\"BreadcrumbList\",\"@id\":\"https:\\\/\\\/servicestation.ch\\\/apartment-design\\\/#breadcrumb\",\"itemListElement\":[{\"@type\":\"ListItem\",\"position\":1,\"name\":\"Home\",\"item\":\"https:\\\/\\\/servicestation.ch\\\/\"},{\"@type\":\"ListItem\",\"position\":2,\"name\":\"Apartment Design\"}]},{\"@type\":\"WebSite\",\"@id\":\"https:\\\/\\\/servicestation.ch\\\/#website\",\"url\":\"https:\\\/\\\/servicestation.ch\\\/\",\"name\":\"Service Station\",\"description\":\"to serve and protect\",\"potentialAction\":[{\"@type\":\"SearchAction\",\"target\":{\"@type\":\"EntryPoint\",\"urlTemplate\":\"https:\\\/\\\/servicestation.ch\\\/?s={search_term_string}\"},\"query-input\":{\"@type\":\"PropertyValueSpecification\",\"valueRequired\":true,\"valueName\":\"search_term_string\"}}],\"inLanguage\":\"en-GB\"}]}<\/script>\n<!-- \/ Yoast SEO plugin. -->","yoast_head_json":{"title":"Apartment Design - Service Station","description":"Unser Anspruch an unser Business Apartment Design: Schweizer Premium Design-Hersteller, welche M\u00f6bel und Objekte formvollendet f\u00fcr die Ewigkeit herstellen.","robots":{"index":"index","follow":"follow","max-snippet":"max-snippet:-1","max-image-preview":"max-image-preview:large","max-video-preview":"max-video-preview:-1"},"canonical":"https:\/\/servicestation.ch\/en\/apartment-design\/","og_locale":"en_GB","og_type":"article","og_title":"Apartment Design - Service Station","og_description":"Unser Anspruch an unser Business Apartment Design: Schweizer Premium Design-Hersteller, welche M\u00f6bel und Objekte formvollendet f\u00fcr die Ewigkeit herstellen.","og_url":"https:\/\/servicestation.ch\/en\/apartment-design\/","og_site_name":"Service Station","article_modified_time":"2026-04-23T10:13:40+00:00","twitter_card":"summary_large_image","twitter_misc":{"Estimated reading time":"9 minutes"},"schema":{"@context":"https:\/\/schema.org","@graph":[{"@type":"WebPage","@id":"https:\/\/servicestation.ch\/apartment-design\/","url":"https:\/\/servicestation.ch\/apartment-design\/","name":"Apartment Design - Service Station","isPartOf":{"@id":"https:\/\/servicestation.ch\/#website"},"datePublished":"2022-02-03T11:46:48+00:00","dateModified":"2026-04-23T10:13:40+00:00","description":"Unser Anspruch an unser Business Apartment Design: Schweizer Premium Design-Hersteller, welche M\u00f6bel und Objekte formvollendet f\u00fcr die Ewigkeit herstellen.","breadcrumb":{"@id":"https:\/\/servicestation.ch\/apartment-design\/#breadcrumb"},"inLanguage":"en-GB","potentialAction":[{"@type":"ReadAction","target":["https:\/\/servicestation.ch\/apartment-design\/"]}]},{"@type":"BreadcrumbList","@id":"https:\/\/servicestation.ch\/apartment-design\/#breadcrumb","itemListElement":[{"@type":"ListItem","position":1,"name":"Home","item":"https:\/\/servicestation.ch\/"},{"@type":"ListItem","position":2,"name":"Apartment Design"}]},{"@type":"WebSite","@id":"https:\/\/servicestation.ch\/#website","url":"https:\/\/servicestation.ch\/","name":"Service Station","description":"to serve and protect","potentialAction":[{"@type":"SearchAction","target":{"@type":"EntryPoint","urlTemplate":"https:\/\/servicestation.ch\/?s={search_term_string}"},"query-input":{"@type":"PropertyValueSpecification","valueRequired":true,"valueName":"search_term_string"}}],"inLanguage":"en-GB"}]}},"_links":{"self":[{"href":"https:\/\/servicestation.ch\/en\/wp-json\/wp\/v2\/pages\/7","targetHints":{"allow":["GET"]}}],"collection":[{"href":"https:\/\/servicestation.ch\/en\/wp-json\/wp\/v2\/pages"}],"about":[{"href":"https:\/\/servicestation.ch\/en\/wp-json\/wp\/v2\/types\/page"}],"author":[{"embeddable":true,"href":"https:\/\/servicestation.ch\/en\/wp-json\/wp\/v2\/users\/1"}],"replies":[{"embeddable":true,"href":"https:\/\/servicestation.ch\/en\/wp-json\/wp\/v2\/comments?post=7"}],"version-history":[{"count":42,"href":"https:\/\/servicestation.ch\/en\/wp-json\/wp\/v2\/pages\/7\/revisions"}],"predecessor-version":[{"id":1907,"href":"https:\/\/servicestation.ch\/en\/wp-json\/wp\/v2\/pages\/7\/revisions\/1907"}],"wp:attachment":[{"href":"https:\/\/servicestation.ch\/en\/wp-json\/wp\/v2\/media?parent=7"}],"curies":[{"name":"wp","href":"https:\/\/api.w.org\/{rel}","templated":true}]}}